{"id":2500,"date":"2021-04-29T12:18:47","date_gmt":"2021-04-29T10:18:47","guid":{"rendered":"http:\/\/nbmkaes.cluster027.hosting.ovh.net\/?page_id=2500"},"modified":"2021-05-04T11:50:34","modified_gmt":"2021-05-04T09:50:34","slug":"declaration-de-protection-des-donnees-personnelles","status":"publish","type":"page","link":"https:\/\/lafarandole.ma\/index.php\/declaration-de-protection-des-donnees-personnelles\/","title":{"rendered":"D\u00c9CLARATION DE PROTECTION DES DONN\u00c9ES PERSONNELLES"},"content":{"rendered":"<div class=\"wpb-content-wrapper\"><p>[vc_row][vc_column][vc_column_text]<\/p>\n<h4><span style=\"color: #0b3655; line-height: 30px;\">Les donn\u00e9es personnelles (les \u00ab Donn\u00e9es \u00bb) recueillies sur le site <strong>lafarandole.ma<\/strong> et sur <strong>MADARISS<\/strong> font l\u2019objet d\u2019un traitement par le propri\u00e9taire.<\/span><\/h4>\n<h4><span style=\"color: #0b3655; line-height: 30px;\">Les Donn\u00e9es sont trait\u00e9es conform\u00e9ment aux dispositions de la loi 09-08. A cette fin, les donn\u00e9es sont :<\/span><\/h4>\n<h4><span style=\"color: #0b3655; line-height: 30px;\">&#8211; Collect\u00e9es pour des finalit\u00e9s d\u00e9termin\u00e9es explicites et l\u00e9gitimes \u00e0 savoir le marketing direct aupr\u00e8s des parents souhaitant inscrire leurs enfants au sein du <strong>Groupe Scolaire LA FARANDOLE<\/strong>.<\/span><\/h4>\n<h4><span style=\"color: #0b3655; line-height: 30px;\">Elles ne sont pas collect\u00e9es ult\u00e9rieurement de mani\u00e8re incompatible avec lesdites finalit\u00e9s.<\/span><\/h4>\n<h4><span style=\"color: #0b3655; line-height: 30px;\">&#8211; Conserv\u00e9es sous une forme permettant l&rsquo;identification des personnes concern\u00e9es pendant une dur\u00e9e n&rsquo;exc\u00e9dant pas celle n\u00e9cessaire \u00e0 la r\u00e9alisation des finalit\u00e9s pour lesquelles elles sont collect\u00e9es et pour lesquelles elles sont trait\u00e9es ult\u00e9rieurement.<\/span><\/h4>\n<h4><span style=\"color: #0b3655; line-height: 30px;\">Le destinataire des Donn\u00e9es trait\u00e9es est essentiellement le propri\u00e9taire et son partenaire <strong>Nexsoft<\/strong> et Info Networks.<\/span><\/h4>\n<h4><span style=\"color: #0b3655; line-height: 30px;\">Le <strong>Groupe Scolaire LA FARANDOLE<\/strong> met en oeuvre les mesures techniques et organisationnelles appropri\u00e9es pour prot\u00e9ger les Donn\u00e9es contre la destruction accidentelle ou illicite, la perte accidentelle, l&rsquo;alt\u00e9ration, la diffusion, l&rsquo;acc\u00e8s non autoris\u00e9 ou le traitement illicite.<\/span><\/h4>\n<h4><span style=\"color: #0b3655; line-height: 30px;\">Conform\u00e9ment \u00e0 la loi n\u00b0 09-08 relative \u00e0 la protection des personnes physiques \u00e0 l&rsquo;\u00e9gard du traitement des donn\u00e9es \u00e0 caract\u00e8re personnel, vous b\u00e9n\u00e9ficiez d\u2019un droit d\u2019acc\u00e8s et de rectification aux informations qui vous concernent, que vous pouvez exercer en vous adressant au<\/span><span style=\"color: #0b3655; line-height: 30px;\"> Responsable de protection des donn\u00e9es des apprenants et b\u00e9n\u00e9ficiaires ou au<\/span><span style=\"color: #0b3655; line-height: 30px;\">\u00a0Responsable de protection des donn\u00e9es du personnel du <strong>Groupe Scolaire LA FARANDOLE <\/strong>en envoyant un courriel \u00e0 l\u2019adresse :\u00a0<\/span><span style=\"color: #0b3655; line-height: 30px;\">direction@lafarandole.ma <\/span><\/h4>\n<h4><span style=\"color: #0b3655; line-height: 30px;\">Vous pouvez \u00e9galement pour des motifs l\u00e9gitimes, vous opposer \u00e0 ce que les donn\u00e9es qui vous concernent fassent l\u2019objet d\u2019un traitement.<\/span><\/h4>\n<h4><span style=\"color: #0b3655; line-height: 30px;\">D\u00e9charge de responsabilit\u00e9 Alors que nous avons effectu\u00e9 toutes les d\u00e9marches pour nous assurer de la fiabilit\u00e9 des informations contenues sur ce site internet, Le propri\u00e9taire ne peut encourir aucune responsabilit\u00e9 du fait d&rsquo;erreurs, d&rsquo;omissions, ou pour les r\u00e9sultats qui pourraient \u00eatre obtenus par l&rsquo;usage de ces informations.<\/span><\/h4>\n<h4><span style=\"color: #0b3655; line-height: 30px;\">Le <strong>Groupe Scolaire LA FARANDOLE <\/strong>n&rsquo;est tenu que d&rsquo;une obligation de moyens concernant les informations qu&rsquo;il met \u00e0 disposition des personnes qui acc\u00e8dent \u00e0 son site internet.<\/span><\/h4>\n<h4><span style=\"color: #0b3655; line-height: 30px;\">Par ailleurs, l&rsquo;usage de liens hypertextes peut conduire votre consultation de notre site vers d&rsquo;autres serveurs, serveurs sur lesquels Le <strong>Groupe Scolaire LA FARANDOLE<\/strong> n&rsquo;a aucun contr\u00f4le.<\/span><\/h4>\n<h4><span style=\"color: #0b3655; line-height: 30px;\">Les pr\u00e9sentes conditions sont soumises \u00e0 la loi marocaine.<\/span><\/h4>\n<p>&nbsp;<\/p>\n<h3 style=\"text-align: center;\"><span style=\"color: #0b3655;\">Direction<\/span><br \/>\n<span style=\"color: #0b3655;\">Groupe Scolaire LA FARANDOLE<\/span><\/h3>\n<p>[\/vc_column_text][\/vc_column][\/vc_row]<\/p>\n<\/div>","protected":false},"excerpt":{"rendered":"<p>[vc_row][vc_column][vc_column_text] Les donn\u00e9es personnelles (les \u00ab Donn\u00e9es \u00bb) recueillies sur le site lafarandole.ma et sur MADARISS font l\u2019objet d\u2019un traitement par le propri\u00e9taire. Les Donn\u00e9es sont trait\u00e9es conform\u00e9ment aux dispositions de la loi 09-08. A cette fin, les donn\u00e9es sont : &#8211; Collect\u00e9es pour des finalit\u00e9s d\u00e9termin\u00e9es explicites et l\u00e9gitimes \u00e0 savoir le marketing direct&hellip;<\/p>\n","protected":false},"author":1,"featured_media":0,"parent":0,"menu_order":0,"comment_status":"closed","ping_status":"closed","template":"","meta":[],"class_list":["post-2500","page","type-page","status-publish","hentry","description-off"],"_links":{"self":[{"href":"https:\/\/lafarandole.ma\/index.php\/wp-json\/wp\/v2\/pages\/2500","targetHints":{"allow":["GET"]}}],"collection":[{"href":"https:\/\/lafarandole.ma\/index.php\/wp-json\/wp\/v2\/pages"}],"about":[{"href":"https:\/\/lafarandole.ma\/index.php\/wp-json\/wp\/v2\/types\/page"}],"author":[{"embeddable":true,"href":"https:\/\/lafarandole.ma\/index.php\/wp-json\/wp\/v2\/users\/1"}],"replies":[{"embeddable":true,"href":"https:\/\/lafarandole.ma\/index.php\/wp-json\/wp\/v2\/comments?post=2500"}],"version-history":[{"count":9,"href":"https:\/\/lafarandole.ma\/index.php\/wp-json\/wp\/v2\/pages\/2500\/revisions"}],"predecessor-version":[{"id":2547,"href":"https:\/\/lafarandole.ma\/index.php\/wp-json\/wp\/v2\/pages\/2500\/revisions\/2547"}],"wp:attachment":[{"href":"https:\/\/lafarandole.ma\/index.php\/wp-json\/wp\/v2\/media?parent=2500"}],"curies":[{"name":"wp","href":"https:\/\/api.w.org\/{rel}","templated":true}]}}